{"id":113,"date":"2016-05-12T14:14:02","date_gmt":"2016-05-12T14:14:02","guid":{"rendered":"http:\/\/kalikoapartman.hu\/?page_id=113"},"modified":"2017-03-09T13:30:50","modified_gmt":"2017-03-09T13:30:50","slug":"bemutatkozas","status":"publish","type":"page","link":"https:\/\/kalikoapartman.hu\/","title":{"rendered":"Bemutatkoz\u00e1s"},"content":{"rendered":"<p><span style=\"color: #000080;\">A <span style=\"color: #008000;\"><strong>K\u00e1li K\u0151 Nyaral\u00f3h\u00e1z<\/strong> <strong>Szentb\u00e9kk\u00e1ll\u00e1n,<\/strong><\/span> a Balaton-felvid\u00e9ki Nemzeti Park ter\u00fclet\u00e9n, a vulkanikus hegyekkel \u00f6vezett K\u00e1li-medenc\u00e9ben tal\u00e1lhat\u00f3.<br \/>\nHagyom\u00e1nyos \u00e9p\u00edt\u00e9szeti elemeket meg\u0151rz\u0151, ig\u00e9nyesen fel\u00faj\u00edtott, \u00fajj\u00e1\u00e9p\u00edtett, m\u0171eml\u00e9k jelleg\u0171 paraszth\u00e1z, eredeti b\u00fatorokkal berendezve.<br \/>\nA h\u00e1zban 2 k\u00fcl\u00f6n bej\u00e1rat\u00fa apartman \u00e1ll az \u00d6n\u00f6k rendelkez\u00e9s\u00e9re.<br \/>\nAz apartmanok egy\u00fctt, ill. k\u00fcl\u00f6n is b\u00e9relhet\u0151k.<br \/>\nEgy\u00fctt b\u00e9rl\u00e9s eset\u00e9n a h\u00e1zat a vend\u00e9gek \u00f6n\u00e1ll\u00f3an haszn\u00e1lhatj\u00e1k. Tulajdonos nem lakik ott.<br \/>\nCsal\u00e1dok \u00e9s bar\u00e1ti t\u00e1rsas\u00e1gok sz\u00e1m\u00e1ra egyar\u00e1nt k\u00e9nyelmes pihen\u00e9st biztos\u00edt.<br \/>\nSzentb\u00e9kk\u00e1ll\u00e1n nagy m\u00falt\u00fa finom borok mellett, l\u00e9pten-nyomon tal\u00e1lkozhat a hagyom\u00e1nyos vend\u00e9gszeretettel is.<\/span><\/p>\n<p><span style=\"color: #000080;\">Das <span style=\"color: #008000;\"><strong>Ferienhaus K\u00e1li K\u0151 befindet sich in Szentb\u00e9kk\u00e1lla<\/strong>,<\/span> im Balaton-Oberland Nationalpark, in K\u00e1li-Becken. Traditionelle architektonische Merkmale erhalter, geschmackvoll renoviert, umgebaut, historisches Bauernhaus, mit original M\u00f6bel. Im Haus stehen Ihnen 2 separate Appartement zur Verf\u00fcgung. Die Appartements k\u00f6nnen zusammen, oder auch einzeln angemietet werden. Die G\u00e4ste nutzen das Haus v\u00f6llig unabh\u00e4ngig, der Eigent\u00fcmer wohnt nicht hier. Sowohl f\u00fcr Familien als auch f\u00fcr Freundeskreise bietet es angenehme Erholung. Sie finden in Szentb\u00e9kk\u00e1lla erlesene Weine und traditionelle Gastfreundschaft.<\/span><\/p>\n","protected":false},"excerpt":{"rendered":"<p>A K\u00e1li K\u0151 Nyaral\u00f3h\u00e1z Szentb\u00e9kk\u00e1ll\u00e1n, a Balaton-felvid\u00e9ki Nemzeti Park ter\u00fclet\u00e9n, a vulkanikus hegyekkel \u00f6vezett K\u00e1li-medenc\u00e9ben tal\u00e1lhat\u00f3. Hagyom\u00e1nyos \u00e9p\u00edt\u00e9szeti elemeket meg\u0151rz\u0151, ig\u00e9nyesen fel\u00faj\u00edtott, \u00fajj\u00e1\u00e9p\u00edtett, m\u0171eml\u00e9k jelleg\u0171 paraszth\u00e1z, eredeti b\u00fatorokkal berendezve. A h\u00e1zban 2 k\u00fcl\u00f6n bej\u00e1rat\u00fa apartman \u00e1ll az \u00d6n\u00f6k rendelkez\u00e9s\u00e9re. Az &hellip; <a href=\"https:\/\/kalikoapartman.hu\/\">Egy kattint\u00e1s ide a folytat\u00e1shoz&#8230;. <span class=\"meta-nav\">&rarr;<\/span><\/a><\/p>\n","protected":false},"author":1,"featured_media":0,"parent":0,"menu_order":0,"comment_status":"closed","ping_status":"closed","template":"","meta":{"_monsterinsights_skip_tracking":false,"_monsterinsights_sitenote_active":false,"_monsterinsights_sitenote_note":"","_monsterinsights_sitenote_category":0,"footnotes":""},"class_list":["post-113","page","type-page","status-publish","hentry"],"aioseo_notices":[],"yoast_head":"<!-- This site is optimized with the Yoast SEO plugin v25.7 - https:\/\/yoast.com\/wordpress\/plugins\/seo\/ -->\n<title>Bemutatkoz\u00e1s - K\u00e1li K\u0151 Nyaral\u00f3h\u00e1z<\/title>\n<meta name=\"robots\" content=\"index, follow, max-snippet:-1, max-image-preview:large, max-video-preview:-1\" \/>\n<link rel=\"canonical\" href=\"https:\/\/kalikoapartman.hu\/\" \/>\n<meta property=\"og:locale\" content=\"hu_HU\" \/>\n<meta property=\"og:type\" content=\"article\" \/>\n<meta property=\"og:title\" content=\"Bemutatkoz\u00e1s - K\u00e1li K\u0151 Nyaral\u00f3h\u00e1z\" \/>\n<meta property=\"og:description\" content=\"A K\u00e1li K\u0151 Nyaral\u00f3h\u00e1z Szentb\u00e9kk\u00e1ll\u00e1n, a Balaton-felvid\u00e9ki Nemzeti Park ter\u00fclet\u00e9n, a vulkanikus hegyekkel \u00f6vezett K\u00e1li-medenc\u00e9ben tal\u00e1lhat\u00f3. Hagyom\u00e1nyos \u00e9p\u00edt\u00e9szeti elemeket meg\u0151rz\u0151, ig\u00e9nyesen fel\u00faj\u00edtott, \u00fajj\u00e1\u00e9p\u00edtett, m\u0171eml\u00e9k jelleg\u0171 paraszth\u00e1z, eredeti b\u00fatorokkal berendezve. A h\u00e1zban 2 k\u00fcl\u00f6n bej\u00e1rat\u00fa apartman \u00e1ll az \u00d6n\u00f6k rendelkez\u00e9s\u00e9re. Az &hellip; Egy kattint\u00e1s ide a folytat\u00e1shoz.... &rarr;\" \/>\n<meta property=\"og:url\" content=\"https:\/\/kalikoapartman.hu\/\" \/>\n<meta property=\"og:site_name\" content=\"K\u00e1li K\u0151 Nyaral\u00f3h\u00e1z\" \/>\n<meta property=\"article:modified_time\" content=\"2017-03-09T13:30:50+00:00\" \/>\n<meta name=\"twitter:card\" content=\"summary_large_image\" \/>\n<meta name=\"twitter:label1\" content=\"Becs\u00fclt olvas\u00e1si id\u0151\" \/>\n\t<meta name=\"twitter:data1\" content=\"1 perc\" \/>\n<script type=\"application\/ld+json\" class=\"yoast-schema-graph\">{\"@context\":\"https:\/\/schema.org\",\"@graph\":[{\"@type\":\"WebPage\",\"@id\":\"https:\/\/kalikoapartman.hu\/\",\"url\":\"https:\/\/kalikoapartman.hu\/\",\"name\":\"Bemutatkoz\u00e1s - K\u00e1li K\u0151 Nyaral\u00f3h\u00e1z\",\"isPartOf\":{\"@id\":\"https:\/\/kalikoapartman.hu\/#website\"},\"datePublished\":\"2016-05-12T14:14:02+00:00\",\"dateModified\":\"2017-03-09T13:30:50+00:00\",\"breadcrumb\":{\"@id\":\"https:\/\/kalikoapartman.hu\/#breadcrumb\"},\"inLanguage\":\"hu\",\"potentialAction\":[{\"@type\":\"ReadAction\",\"target\":[\"https:\/\/kalikoapartman.hu\/\"]}]},{\"@type\":\"BreadcrumbList\",\"@id\":\"https:\/\/kalikoapartman.hu\/#breadcrumb\",\"itemListElement\":[{\"@type\":\"ListItem\",\"position\":1,\"name\":\"Home\",\"item\":\"https:\/\/kalikoapartman.hu\/\"},{\"@type\":\"ListItem\",\"position\":2,\"name\":\"Bemutatkoz\u00e1s\"}]},{\"@type\":\"WebSite\",\"@id\":\"https:\/\/kalikoapartman.hu\/#website\",\"url\":\"https:\/\/kalikoapartman.hu\/\",\"name\":\"K\u00e1li K\u0151 Nyaral\u00f3h\u00e1z\",\"description\":\"Szentb\u00e9kk\u00e1lla K\u00e1li-medence\",\"potentialAction\":[{\"@type\":\"SearchAction\",\"target\":{\"@type\":\"EntryPoint\",\"urlTemplate\":\"https:\/\/kalikoapartman.hu\/?s={search_term_string}\"},\"query-input\":{\"@type\":\"PropertyValueSpecification\",\"valueRequired\":true,\"valueName\":\"search_term_string\"}}],\"inLanguage\":\"hu\"}]}<\/script>\n<!-- \/ Yoast SEO plugin. -->","yoast_head_json":{"title":"Bemutatkoz\u00e1s - K\u00e1li K\u0151 Nyaral\u00f3h\u00e1z","robots":{"index":"index","follow":"follow","max-snippet":"max-snippet:-1","max-image-preview":"max-image-preview:large","max-video-preview":"max-video-preview:-1"},"canonical":"https:\/\/kalikoapartman.hu\/","og_locale":"hu_HU","og_type":"article","og_title":"Bemutatkoz\u00e1s - K\u00e1li K\u0151 Nyaral\u00f3h\u00e1z","og_description":"A K\u00e1li K\u0151 Nyaral\u00f3h\u00e1z Szentb\u00e9kk\u00e1ll\u00e1n, a Balaton-felvid\u00e9ki Nemzeti Park ter\u00fclet\u00e9n, a vulkanikus hegyekkel \u00f6vezett K\u00e1li-medenc\u00e9ben tal\u00e1lhat\u00f3. Hagyom\u00e1nyos \u00e9p\u00edt\u00e9szeti elemeket meg\u0151rz\u0151, ig\u00e9nyesen fel\u00faj\u00edtott, \u00fajj\u00e1\u00e9p\u00edtett, m\u0171eml\u00e9k jelleg\u0171 paraszth\u00e1z, eredeti b\u00fatorokkal berendezve. A h\u00e1zban 2 k\u00fcl\u00f6n bej\u00e1rat\u00fa apartman \u00e1ll az \u00d6n\u00f6k rendelkez\u00e9s\u00e9re. Az &hellip; Egy kattint\u00e1s ide a folytat\u00e1shoz.... &rarr;","og_url":"https:\/\/kalikoapartman.hu\/","og_site_name":"K\u00e1li K\u0151 Nyaral\u00f3h\u00e1z","article_modified_time":"2017-03-09T13:30:50+00:00","twitter_card":"summary_large_image","twitter_misc":{"Becs\u00fclt olvas\u00e1si id\u0151":"1 perc"},"schema":{"@context":"https:\/\/schema.org","@graph":[{"@type":"WebPage","@id":"https:\/\/kalikoapartman.hu\/","url":"https:\/\/kalikoapartman.hu\/","name":"Bemutatkoz\u00e1s - K\u00e1li K\u0151 Nyaral\u00f3h\u00e1z","isPartOf":{"@id":"https:\/\/kalikoapartman.hu\/#website"},"datePublished":"2016-05-12T14:14:02+00:00","dateModified":"2017-03-09T13:30:50+00:00","breadcrumb":{"@id":"https:\/\/kalikoapartman.hu\/#breadcrumb"},"inLanguage":"hu","potentialAction":[{"@type":"ReadAction","target":["https:\/\/kalikoapartman.hu\/"]}]},{"@type":"BreadcrumbList","@id":"https:\/\/kalikoapartman.hu\/#breadcrumb","itemListElement":[{"@type":"ListItem","position":1,"name":"Home","item":"https:\/\/kalikoapartman.hu\/"},{"@type":"ListItem","position":2,"name":"Bemutatkoz\u00e1s"}]},{"@type":"WebSite","@id":"https:\/\/kalikoapartman.hu\/#website","url":"https:\/\/kalikoapartman.hu\/","name":"K\u00e1li K\u0151 Nyaral\u00f3h\u00e1z","description":"Szentb\u00e9kk\u00e1lla K\u00e1li-medence","potentialAction":[{"@type":"SearchAction","target":{"@type":"EntryPoint","urlTemplate":"https:\/\/kalikoapartman.hu\/?s={search_term_string}"},"query-input":{"@type":"PropertyValueSpecification","valueRequired":true,"valueName":"search_term_string"}}],"inLanguage":"hu"}]}},"_links":{"self":[{"href":"https:\/\/kalikoapartman.hu\/index.php?rest_route=\/wp\/v2\/pages\/113","targetHints":{"allow":["GET"]}}],"collection":[{"href":"https:\/\/kalikoapartman.hu\/index.php?rest_route=\/wp\/v2\/pages"}],"about":[{"href":"https:\/\/kalikoapartman.hu\/index.php?rest_route=\/wp\/v2\/types\/page"}],"author":[{"embeddable":true,"href":"https:\/\/kalikoapartman.hu\/index.php?rest_route=\/wp\/v2\/users\/1"}],"replies":[{"embeddable":true,"href":"https:\/\/kalikoapartman.hu\/index.php?rest_route=%2Fwp%2Fv2%2Fcomments&post=113"}],"version-history":[{"count":3,"href":"https:\/\/kalikoapartman.hu\/index.php?rest_route=\/wp\/v2\/pages\/113\/revisions"}],"predecessor-version":[{"id":144,"href":"https:\/\/kalikoapartman.hu\/index.php?rest_route=\/wp\/v2\/pages\/113\/revisions\/144"}],"wp:attachment":[{"href":"https:\/\/kalikoapartman.hu\/index.php?rest_route=%2Fwp%2Fv2%2Fmedia&parent=113"}],"curies":[{"name":"wp","href":"https:\/\/api.w.org\/{rel}","templated":true}]}}